{"id":167,"date":"2024-09-20T19:26:05","date_gmt":"2024-09-20T19:26:05","guid":{"rendered":"https:\/\/anxovarela.es\/sc\/?page_id=167"},"modified":"2025-12-17T16:17:50","modified_gmt":"2025-12-17T15:17:50","slug":"a-banca","status":"publish","type":"page","link":"https:\/\/www.santacombanamemoria.eu\/sc\/index.php\/a-banca\/","title":{"rendered":"A Banca"},"content":{"rendered":"\r\n<p><strong><em>Empezaban a chegar remesas de cartos procedentes dunha emigraci\u00f3n enraizada e tam\u00e9n diversas transacci\u00f3ns agrarias, as\u00ed como a implantaci\u00f3n do comercio e da pequena empresa, polo que comezaron a facer acto de presenzia os bancos.<\/em><\/strong><\/p>\r\n\r\n\r\n\r\n<p>Os primeiros bancos actuaban a trav\u00e9s de representantes, como:<\/p>\r\n\r\n\r\n\r\n<p>Zaera (Sime\u00f3n) e Francisco Ferreira en 1.925.<\/p>\r\n\r\n\r\n\r\n<p>En 1.930 solo nos consta Zaera<\/p>\r\n\r\n\r\n\r\n<p>Entre 1.935 e 1.950 Celestino Carracedo e Arturo Pose<\/p>\r\n\r\n\r\n\r\n<p>Anos m\u00e1is tarde aparecer\u00eda Jos\u00e9 Su\u00e1rez Su\u00e1rez \u201cRaso\u201d con Banco de Hijos de Ol\u00edmpio P\u00e9rez.<\/p>\r\n\r\n\r\n\r\n<p>Posteriormente, a implantaci\u00f3n de sucursais de bancos e caixas foise estendendo pola xeograf\u00eda galega para cubrir as necesidades e demandas empresariais e para afrontar o pagamento do sistema de pensi\u00f3ns e xubilaci\u00f3ns que se difundiu nos \u00faltimos tempos. Santa Comba tampocou quedou \u00e1 marxe da nova banca e establec\u00e9ronse na capital municipal o Banco Pastor e a Caja de Ahorros de Santiago (posteriormente Caixa Galicia e na actualidade NovaCaixaGalicia), os que lle seguiron<\/p>\r\n\r\n\r\n\r\n<p>Fidecaya<\/p>\r\n\r\n\r\n\r\n<p>Banco de Descuento<\/p>\r\n\r\n\r\n\r\n<p>Banco Central<\/p>\r\n\r\n\r\n\r\n<p>Banco del Norte<\/p>\r\n\r\n\r\n\r\n<p>Banco Hispano Americano<\/p>\r\n\r\n\r\n\r\n<p>Bank of Credit and Comerce<\/p>\r\n\r\n\r\n\r\n<p>Banco Espa\u00f1ol de Cr\u00e9dito<\/p>\r\n\r\n\r\n\r\n<p>Banco de Galicia<\/p>\r\n\r\n\r\n\r\n<p>Caixa Catalana<\/p>\r\n\r\n\r\n\r\n<p>moitos deles xa desaparecidos ou fusionados entre si.<\/p>\r\n\r\n\r\n\r\n<p>BANCO PASTOR<\/p>\r\n\r\n\r\n\r\n<p>Ano 1.970 aprox. Cortes\u00eda de Mucha de Basilio Quintans<\/p>\r\n\r\n\r\n\r\n<p>Primeira oficina do Banco Pastor situada o lado da Farmacia de Arufe donde agora comenza a R\u00faa Pontevedra desde a Avda. Alfonso Molina. Os empregados que aparecen na foto son de esquerda a dereita Moncho de Raso,&nbsp; Aurelio Dur\u00e1n e Luis de Guill\u00edn.<\/p>\r\n\r\n\r\n\r\n<p>BANCO HISPANO AMERICANO<\/p>\r\n\r\n\r\n\r\n<p>Ano ente 1.968 e 1.970. Cortesia de familia Capeans<\/p>\r\n\r\n\r\n\r\n<p>Ubicado na Avda&nbsp; Alfonso Molina donde agora esta a&nbsp; casa de Marisa de Capeans.<\/p>\r\n\r\n\r\n\r\n<p>BANCO PASTOR<\/p>\r\n\r\n\r\n\r\n<p>20 de marzo de 1.966. Cortes\u00eda de Santi Dur\u00e1n<\/p>\r\n\r\n\r\n\r\n<p>De esquerda a dereita: A primeira casa&nbsp; \u00e9 a de Franco (donde estaba o primeiro Bar Pive), o solar sin identificaci\u00f3n \u00e9 donde actualmente est\u00e1 a tenda de roupa e a cafeter\u00eda&nbsp; Cristal. A seguinte edificaci\u00f3n \u00e9 a orixinaria oficina do Banco Pastor e a Farmacia Blanco, a continuaci\u00f3n est\u00e1 o Bar Emilio e o Bar Xallas, a Casa de Carracedo e o edificio novo en construcci\u00f3n \u00e9 o do Cartolas donde estaba a igrexia vella. O fondo de todo despois deste edificio hai unha casa que \u00e9 a do castrixeiro donde viviu o alcalde Andr\u00e9s Pereira.&nbsp; Entre o solar e o Banco Pastor hai un cami\u00f1o que comunicaba a Avda. Alfonso Molina coa Casa de Casilda e Pancho donde actualmente est\u00e1 o Pub Tio Pancho, ese comi\u00f1o \u00e9 o que na actualidade co\u00f1ecemos como r\u00faa Pontevedra.<\/p>\r\n\r\n\r\n\r\n<p>CAJA DE AHORROS DE SANTIAGO<\/p>\r\n\r\n\r\n\r\n<p>Aproximadamente en 1.965 e 1.966. Cortesia de Pepe o electricista de Ser.<\/p>\r\n\r\n\r\n\r\n<p>Avda Alfonso Molina nunha procesi\u00f3n de San Cristobal. A foto est\u00e1 sacada desde o Cine Casimiro e vense t\u00f3dalas casas da marxe dereita, e entre ellas o letreiro na pequena casa que ocupan as oficinas da Caixa de Aforros de Santiago (agora NovaCaixaGalicia).<\/p>\r\n\r\n\r\n\r\nngg_shortcode_0_placeholder\r\n","protected":false},"excerpt":{"rendered":"<p>Empezaban a chegar remesas de cartos procedentes dunha emigraci\u00f3n enraizada e tam\u00e9n diversas transacci\u00f3ns agrarias, as\u00ed como a implantaci\u00f3n do comercio e da pequena empresa, polo que comezaron a facer acto de presenzia os bancos. Os primeiros bancos actuaban a trav\u00e9s de representantes, como: Zaera (Sime\u00f3n) e Francisco Ferreira en 1.925. En 1.930 solo nos <a class=\"read-more\" href=\"https:\/\/www.santacombanamemoria.eu\/sc\/index.php\/a-banca\/\">LEER M\u00c1S<\/a><\/p>\n","protected":false},"author":1,"featured_media":0,"parent":0,"menu_order":0,"comment_status":"closed","ping_status":"closed","template":"","meta":{"_eb_attr":"","ngg_post_thumbnail":0,"footnotes":""},"class_list":["post-167","page","type-page","status-publish","hentry"],"yoast_head":"<!-- This site is optimized with the Yoast SEO plugin v27.3 - https:\/\/yoast.com\/product\/yoast-seo-wordpress\/ -->\n<title>A Banca - Santa Comba na Memoria<\/title>\n<meta name=\"robots\" content=\"index, follow, max-snippet:-1, max-image-preview:large, max-video-preview:-1\" \/>\n<link rel=\"canonical\" href=\"https:\/\/www.santacombanamemoria.eu\/sc\/index.php\/a-banca\/\" \/>\n<meta property=\"og:locale\" content=\"es_ES\" \/>\n<meta property=\"og:type\" content=\"article\" \/>\n<meta property=\"og:title\" content=\"A Banca - Santa Comba na Memoria\" \/>\n<meta property=\"og:description\" content=\"Empezaban a chegar remesas de cartos procedentes dunha emigraci\u00f3n enraizada e tam\u00e9n diversas transacci\u00f3ns agrarias, as\u00ed como a implantaci\u00f3n do comercio e da pequena empresa, polo que comezaron a facer acto de presenzia os bancos. Os primeiros bancos actuaban a trav\u00e9s de representantes, como: Zaera (Sime\u00f3n) e Francisco Ferreira en 1.925. En 1.930 solo nos LEER M\u00c1S\" \/>\n<meta property=\"og:url\" content=\"https:\/\/www.santacombanamemoria.eu\/sc\/index.php\/a-banca\/\" \/>\n<meta property=\"og:site_name\" content=\"Santa Comba na Memoria\" \/>\n<meta property=\"article:modified_time\" content=\"2025-12-17T15:17:50+00:00\" \/>\n<meta property=\"og:image\" content=\"https:\/\/www.santacombanamemoria.eu\/sc\/wp-content\/uploads\/slider2\/Editorg_design_05-12-17--25.jpeg\" \/>\n\t<meta property=\"og:image:width\" content=\"1702\" \/>\n\t<meta property=\"og:image:height\" content=\"680\" \/>\n\t<meta property=\"og:image:type\" content=\"image\/jpeg\" \/>\n<meta name=\"twitter:card\" content=\"summary_large_image\" \/>\n<meta name=\"twitter:label1\" content=\"Tiempo de lectura\" \/>\n\t<meta name=\"twitter:data1\" content=\"3 minutos\" \/>\n<script type=\"application\/ld+json\" class=\"yoast-schema-graph\">{\"@context\":\"https:\\\/\\\/schema.org\",\"@graph\":[{\"@type\":\"WebPage\",\"@id\":\"https:\\\/\\\/www.santacombanamemoria.eu\\\/sc\\\/index.php\\\/a-banca\\\/\",\"url\":\"https:\\\/\\\/www.santacombanamemoria.eu\\\/sc\\\/index.php\\\/a-banca\\\/\",\"name\":\"A Banca - Santa Comba na Memoria\",\"isPartOf\":{\"@id\":\"https:\\\/\\\/www.santacombanamemoria.eu\\\/sc\\\/#website\"},\"datePublished\":\"2024-09-20T19:26:05+00:00\",\"dateModified\":\"2025-12-17T15:17:50+00:00\",\"breadcrumb\":{\"@id\":\"https:\\\/\\\/www.santacombanamemoria.eu\\\/sc\\\/index.php\\\/a-banca\\\/#breadcrumb\"},\"inLanguage\":\"es\",\"potentialAction\":[{\"@type\":\"ReadAction\",\"target\":[\"https:\\\/\\\/www.santacombanamemoria.eu\\\/sc\\\/index.php\\\/a-banca\\\/\"]}]},{\"@type\":\"BreadcrumbList\",\"@id\":\"https:\\\/\\\/www.santacombanamemoria.eu\\\/sc\\\/index.php\\\/a-banca\\\/#breadcrumb\",\"itemListElement\":[{\"@type\":\"ListItem\",\"position\":1,\"name\":\"Portada\",\"item\":\"https:\\\/\\\/www.santacombanamemoria.eu\\\/sc\\\/\"},{\"@type\":\"ListItem\",\"position\":2,\"name\":\"A Banca\"}]},{\"@type\":\"WebSite\",\"@id\":\"https:\\\/\\\/www.santacombanamemoria.eu\\\/sc\\\/#website\",\"url\":\"https:\\\/\\\/www.santacombanamemoria.eu\\\/sc\\\/\",\"name\":\"Santa Comba na Memoria\",\"description\":\"Unha fiestra ao pasado dende o ano 1900\",\"publisher\":{\"@id\":\"https:\\\/\\\/www.santacombanamemoria.eu\\\/sc\\\/#organization\"},\"alternateName\":\"Historia fotogr\u00e1fica do concello de Santa Comba\",\"potentialAction\":[{\"@type\":\"SearchAction\",\"target\":{\"@type\":\"EntryPoint\",\"urlTemplate\":\"https:\\\/\\\/www.santacombanamemoria.eu\\\/sc\\\/?s={search_term_string}\"},\"query-input\":{\"@type\":\"PropertyValueSpecification\",\"valueRequired\":true,\"valueName\":\"search_term_string\"}}],\"inLanguage\":\"es\"},{\"@type\":\"Organization\",\"@id\":\"https:\\\/\\\/www.santacombanamemoria.eu\\\/sc\\\/#organization\",\"name\":\"Santa Comba na Memoria\",\"alternateName\":\"Santa Comba na Memoria\",\"url\":\"https:\\\/\\\/www.santacombanamemoria.eu\\\/sc\\\/\",\"logo\":{\"@type\":\"ImageObject\",\"inLanguage\":\"es\",\"@id\":\"https:\\\/\\\/www.santacombanamemoria.eu\\\/sc\\\/#\\\/schema\\\/logo\\\/image\\\/\",\"url\":\"https:\\\/\\\/www.santacombanamemoria.eu\\\/sc\\\/wp-content\\\/uploads\\\/slider2\\\/Editorg_design_05-12-17--25.jpeg\",\"contentUrl\":\"https:\\\/\\\/www.santacombanamemoria.eu\\\/sc\\\/wp-content\\\/uploads\\\/slider2\\\/Editorg_design_05-12-17--25.jpeg\",\"width\":1702,\"height\":680,\"caption\":\"Santa Comba na Memoria\"},\"image\":{\"@id\":\"https:\\\/\\\/www.santacombanamemoria.eu\\\/sc\\\/#\\\/schema\\\/logo\\\/image\\\/\"}}]}<\/script>\n<!-- \/ Yoast SEO plugin. -->","yoast_head_json":{"title":"A Banca - Santa Comba na Memoria","robots":{"index":"index","follow":"follow","max-snippet":"max-snippet:-1","max-image-preview":"max-image-preview:large","max-video-preview":"max-video-preview:-1"},"canonical":"https:\/\/www.santacombanamemoria.eu\/sc\/index.php\/a-banca\/","og_locale":"es_ES","og_type":"article","og_title":"A Banca - Santa Comba na Memoria","og_description":"Empezaban a chegar remesas de cartos procedentes dunha emigraci\u00f3n enraizada e tam\u00e9n diversas transacci\u00f3ns agrarias, as\u00ed como a implantaci\u00f3n do comercio e da pequena empresa, polo que comezaron a facer acto de presenzia os bancos. Os primeiros bancos actuaban a trav\u00e9s de representantes, como: Zaera (Sime\u00f3n) e Francisco Ferreira en 1.925. En 1.930 solo nos LEER M\u00c1S","og_url":"https:\/\/www.santacombanamemoria.eu\/sc\/index.php\/a-banca\/","og_site_name":"Santa Comba na Memoria","article_modified_time":"2025-12-17T15:17:50+00:00","og_image":[{"width":1702,"height":680,"url":"https:\/\/www.santacombanamemoria.eu\/sc\/wp-content\/uploads\/slider2\/Editorg_design_05-12-17--25.jpeg","type":"image\/jpeg"}],"twitter_card":"summary_large_image","twitter_misc":{"Tiempo de lectura":"3 minutos"},"schema":{"@context":"https:\/\/schema.org","@graph":[{"@type":"WebPage","@id":"https:\/\/www.santacombanamemoria.eu\/sc\/index.php\/a-banca\/","url":"https:\/\/www.santacombanamemoria.eu\/sc\/index.php\/a-banca\/","name":"A Banca - Santa Comba na Memoria","isPartOf":{"@id":"https:\/\/www.santacombanamemoria.eu\/sc\/#website"},"datePublished":"2024-09-20T19:26:05+00:00","dateModified":"2025-12-17T15:17:50+00:00","breadcrumb":{"@id":"https:\/\/www.santacombanamemoria.eu\/sc\/index.php\/a-banca\/#breadcrumb"},"inLanguage":"es","potentialAction":[{"@type":"ReadAction","target":["https:\/\/www.santacombanamemoria.eu\/sc\/index.php\/a-banca\/"]}]},{"@type":"BreadcrumbList","@id":"https:\/\/www.santacombanamemoria.eu\/sc\/index.php\/a-banca\/#breadcrumb","itemListElement":[{"@type":"ListItem","position":1,"name":"Portada","item":"https:\/\/www.santacombanamemoria.eu\/sc\/"},{"@type":"ListItem","position":2,"name":"A Banca"}]},{"@type":"WebSite","@id":"https:\/\/www.santacombanamemoria.eu\/sc\/#website","url":"https:\/\/www.santacombanamemoria.eu\/sc\/","name":"Santa Comba na Memoria","description":"Unha fiestra ao pasado dende o ano 1900","publisher":{"@id":"https:\/\/www.santacombanamemoria.eu\/sc\/#organization"},"alternateName":"Historia fotogr\u00e1fica do concello de Santa Comba","potentialAction":[{"@type":"SearchAction","target":{"@type":"EntryPoint","urlTemplate":"https:\/\/www.santacombanamemoria.eu\/sc\/?s={search_term_string}"},"query-input":{"@type":"PropertyValueSpecification","valueRequired":true,"valueName":"search_term_string"}}],"inLanguage":"es"},{"@type":"Organization","@id":"https:\/\/www.santacombanamemoria.eu\/sc\/#organization","name":"Santa Comba na Memoria","alternateName":"Santa Comba na Memoria","url":"https:\/\/www.santacombanamemoria.eu\/sc\/","logo":{"@type":"ImageObject","inLanguage":"es","@id":"https:\/\/www.santacombanamemoria.eu\/sc\/#\/schema\/logo\/image\/","url":"https:\/\/www.santacombanamemoria.eu\/sc\/wp-content\/uploads\/slider2\/Editorg_design_05-12-17--25.jpeg","contentUrl":"https:\/\/www.santacombanamemoria.eu\/sc\/wp-content\/uploads\/slider2\/Editorg_design_05-12-17--25.jpeg","width":1702,"height":680,"caption":"Santa Comba na Memoria"},"image":{"@id":"https:\/\/www.santacombanamemoria.eu\/sc\/#\/schema\/logo\/image\/"}}]}},"jetpack_sharing_enabled":true,"_links":{"self":[{"href":"https:\/\/www.santacombanamemoria.eu\/sc\/index.php\/wp-json\/wp\/v2\/pages\/167","targetHints":{"allow":["GET"]}}],"collection":[{"href":"https:\/\/www.santacombanamemoria.eu\/sc\/index.php\/wp-json\/wp\/v2\/pages"}],"about":[{"href":"https:\/\/www.santacombanamemoria.eu\/sc\/index.php\/wp-json\/wp\/v2\/types\/page"}],"author":[{"embeddable":true,"href":"https:\/\/www.santacombanamemoria.eu\/sc\/index.php\/wp-json\/wp\/v2\/users\/1"}],"replies":[{"embeddable":true,"href":"https:\/\/www.santacombanamemoria.eu\/sc\/index.php\/wp-json\/wp\/v2\/comments?post=167"}],"version-history":[{"count":17,"href":"https:\/\/www.santacombanamemoria.eu\/sc\/index.php\/wp-json\/wp\/v2\/pages\/167\/revisions"}],"predecessor-version":[{"id":3358,"href":"https:\/\/www.santacombanamemoria.eu\/sc\/index.php\/wp-json\/wp\/v2\/pages\/167\/revisions\/3358"}],"wp:attachment":[{"href":"https:\/\/www.santacombanamemoria.eu\/sc\/index.php\/wp-json\/wp\/v2\/media?parent=167"}],"curies":[{"name":"wp","href":"https:\/\/api.w.org\/{rel}","templated":true}]}}