{"id":425,"date":"2024-09-22T10:32:57","date_gmt":"2024-09-22T10:32:57","guid":{"rendered":"https:\/\/anxovarela.es\/sc\/?page_id=425"},"modified":"2024-09-22T10:32:58","modified_gmt":"2024-09-22T10:32:58","slug":"frutais","status":"publish","type":"page","link":"https:\/\/www.santacombanamemoria.eu\/sc\/index.php\/frutais\/","title":{"rendered":"Frutais"},"content":{"rendered":"\n<h2 class=\"wp-block-heading\">Frutais ou especies da horta<\/h2>\n\n\n\n<figure class=\"wp-block-table\"><table class=\"has-fixed-layout\"><tbody><tr><td>Nome galego<\/td><td>Nome castel\u00e1n<\/td><td>Nome cient\u00edfico<\/td><td>Familia<\/td><\/tr><tr><td>Acelga<\/td><td>Acelga<\/td><td>Beta vulgaris(maritima)<\/td><td>Solsol\u00e1ceas<\/td><\/tr><tr><td>Aipo de cabalos<\/td><td>Apio caballar<\/td><td>Smyrnium olusatrum<\/td><td>Umbel\u00edferas<\/td><\/tr><tr><td>Albaricoqueiro<\/td><td>Albaricoquero, Albarillo<\/td><td>Prunus armeniaca<\/td><td>Ros\u00e1ceas<\/td><\/tr><tr><td>Albaricoques<\/td><td>Albaricoques<\/td><td>Armeniaca vulgaris<\/td><td>Ros\u00e1ceas<\/td><\/tr><tr><td>Alcachofa<\/td><td>Alcachofa<\/td><td>Cynara scolymus<\/td><td>Aster\u00e1ceas<\/td><\/tr><tr><td>Alcaparra<\/td><td>Alcaparra<\/td><td>Capparis spinosa<\/td><td>Caparid\u00e1ceas<\/td><\/tr><tr><td>Alefustre, Aligustre, Alfaneiro, Filseira, Fiaza<\/td><td>Aliguste, Ligestro, Alhe\u00f1a<\/td><td>Ligustrum ovalifolium<\/td><td>Ole\u00e1ceas<\/td><\/tr><tr><td>Allo<\/td><td>Ajoporro, Puerro silvestre<\/td><td>Allium ampeloprasum<\/td><td>Lili\u00e1ceas<\/td><\/tr><tr><td>Allo<\/td><td>Ajo<\/td><td>Allium sativum<\/td><td>Lili\u00e1ceas<\/td><\/tr><tr><td>Allo branco<\/td><td>Ajo blanco<\/td><td>Allium neapolitanum<\/td><td>Lil\u00e1ceas<\/td><\/tr><tr><td>Allo bravo<\/td><td>Ajo<\/td><td>Allium vineale<\/td><td>Lil\u00e1ceas<\/td><\/tr><tr><td>Amendoeira<\/td><td>Almendro<\/td><td>Amygdalus communis var.dulcis<\/td><td>Ros\u00e1ceas<\/td><\/tr><tr><td>Amendoeira<\/td><td>Almendro<\/td><td>Prunus amygdalus dulcis<\/td><td>Ros\u00e1ceas<\/td><\/tr><tr><td>Amendoeira<\/td><td>Almendro<\/td><td>Prunus dulcis(amygdalus)<\/td><td>Ros\u00e1ceas<\/td><\/tr><tr><td>Amenta de auga<\/td><td>Menta de agua, Hierba buena morisca<\/td><td>Mentha aquatica<\/td><td>Labiadas<\/td><\/tr><tr><td>Amenta de lobo<\/td><td>Plie de lobo, Menta de lobo<\/td><td>Licopus europaeus<\/td><td>Labiadas<\/td><\/tr><tr><td>Amorodo, Morote, Morodo, MorangoAmorilloteira<\/td><td>Fresal silvestre<\/td><td>Fragaria vesca<\/td><td>Ros\u00e1ceas<\/td><\/tr><tr><td>Anacardio<\/td><td>Anacardo<\/td><td>Anacardium occidentale<\/td><td>Anacardi\u00e1ceas<\/td><\/tr><tr><td>Anis verde<\/td><td>Anis verde, Hierba dulce, Pimpinela<\/td><td>Pimpinella anisum<\/td><td>Umbel\u00edferas<\/td><\/tr><tr><td>Arroceira<\/td><td>Arrocera<\/td><td>Oryza sativa<\/td><td>Po\u00e1ceas<\/td><\/tr><tr><td>Avea<\/td><td>Avena<\/td><td>Avena sativa<\/td><td>Gramin\u00e1ceas<\/td><\/tr><tr><td>Avea<\/td><td>Avena loca<\/td><td>Avena sterilis<\/td><td>Gramin\u00e1ceas<\/td><\/tr><tr><td>Avea brava<\/td><td>Avena&nbsp;&nbsp;borde, avena loca<\/td><td>Avena barbata<\/td><td>Gramin\u00e1ceas<\/td><\/tr><tr><td>Azafr\u00e1n<\/td><td>Azafr\u00e1n, Rosa de azafr\u00e1n<\/td><td>Crocus sativus<\/td><td>Irid\u00e1ceas<\/td><\/tr><tr><td>Azafr\u00e1n falso<\/td><td>Azafr\u00e1n, azafr\u00e1n serrano<\/td><td>Crocus serotinus<\/td><td>Irid\u00e1ceas<\/td><\/tr><tr><td>Azafr\u00e1n falso, Azafr\u00e1n silvestre, Safr\u00e1n bravo<\/td><td>Azafr\u00e1n silvestre, Azafr\u00e1n loco<\/td><td>Crocus nudiflorus<\/td><td>Irid\u00e1ceas<\/td><\/tr><tr><td>Banano<\/td><td>Pl\u00e1tano, Banano<\/td><td>Musa sp.<\/td><td>Mus\u00e1ceas<\/td><\/tr><tr><td>Br\u00f3coli<\/td><td>Br\u00f3culi<\/td><td>Brassica oleracea<\/td><td>Crucifer\u00e1ceas<\/td><\/tr><tr><td>Cabaci\u00f1a<\/td><td>Calabac\u00edn<\/td><td>Cucurbita pepo<\/td><td>Cucurbit\u00e1ceas<\/td><\/tr><tr><td>Cacao<\/td><td>Cacao<\/td><td>Theobroma cacao<\/td><td>Esterculi\u00e1ceas<\/td><\/tr><tr><td>Cacauete<\/td><td>Cacahuete, Man\u00ed<\/td><td>Arachis hypogaea<\/td><td>Leguminosa<\/td><\/tr><tr><td>Caf\u00e9<\/td><td>Caf\u00e9, Cafeto<\/td><td>Coffea arabica(canephora)<\/td><td>Rubi\u00e1ceas<\/td><\/tr><tr><td>Caqui<\/td><td>Palosanto, Caqui<\/td><td>Diospyros kaki<\/td><td>Aben\u00e1ceas<\/td><\/tr><tr><td>Cebola<\/td><td>Cebolla<\/td><td>Allium cepa<\/td><td>Lili\u00e1ceas<\/td><\/tr><tr><td>Centeo, Pan<\/td><td>Centeno<\/td><td>Secale cereale<\/td><td>Gramin\u00e1ceas<\/td><\/tr><tr><td>Cerdeira, Cereixeira, Cereixo<\/td><td>Cerezo silvestre<\/td><td>Punus avium<\/td><td>Ros\u00e1ceas<\/td><\/tr><tr><td>Cerdeira, Fodrigueiro, Canceriexo, Cereixaria brava<\/td><td>Cerezo<\/td><td>Prunus avium<\/td><td>Ros\u00e1ceas<\/td><\/tr><tr><td>Ch\u00edcharos, Perico, Ch\u00facharo, Ervella, Pedrelo, Pedr\u00f3n, Cabicho<\/td><td>Guisantes<\/td><td>Pisum sativum<\/td><td>Leguminosas<\/td><\/tr><tr><td>Coco, Coqueiro<\/td><td>Coco<\/td><td>Cocos nucifera<\/td><td>Arec\u00e1ceas<\/td><\/tr><tr><td>Coco, Coqueiro<\/td><td>Cocotero<\/td><td>Cocos weddeliana<\/td><td>Arec\u00e1ceas<\/td><\/tr><tr><td>Col de Bruselas<\/td><td>Col de Bruselas<\/td><td>Brassica oleracea (var.gemmifera)<\/td><td>Cruc\u00edferas<\/td><\/tr><tr><td>Col, Coia, Verza alta, Coella, Couva, Couve<\/td><td>Col, Berza, Repollo<\/td><td>Brassica oleracea<\/td><td>Cruc\u00edferas<\/td><\/tr><tr><td>Coliflor<\/td><td>Coliflor<\/td><td>Brassica oleracea<\/td><td>Cruc\u00edferas<\/td><\/tr><tr><td>Coqueiro<\/td><td>Cocotero<\/td><td><\/td><td><\/td><\/tr><tr><td>D\u00e1til, Datileira<\/td><td>D\u00e1til<\/td><td>Phoenix dactylifera<\/td><td>Arec\u00e1ceas<\/td><\/tr><tr><td>Esparragueira<\/td><td>Esp\u00e1rragos<\/td><td>Asparagus&nbsp;officinalis<\/td><td>Lili\u00e1ceas<\/td><\/tr><tr><td>Esparragueira<\/td><td>Esp\u00e1rragos<\/td><td>Asparagus&nbsp;sprengeri<\/td><td>Lili\u00e1ceas<\/td><\/tr><tr><td>Esparragueira fina<\/td><td>Esparraguera fina<\/td><td>Asparagus setacius<\/td><td>Lili\u00e1ceas<\/td><\/tr><tr><td>Espinaca<\/td><td>Espinaca<\/td><td>Spinacea oleracea<\/td><td>Chenopodi\u00e1ceas<\/td><\/tr><tr><td>Faba<\/td><td>Habas<\/td><td>Vicia faba<\/td><td>Leguminosas<\/td><\/tr><tr><td>Feixoa<\/td><td>Feijoa, Guayabo del Brasil<\/td><td>Feijoa sellowiana<\/td><td>Myrt\u00e1cea<\/td><\/tr><tr><td>Garabanzos<\/td><td>Garbanzos<\/td><td>Cicer arietinum<\/td><td>Fab\u00e1ceas<\/td><\/tr><tr><td>Iuca<\/td><td>Yuca<\/td><td>Yucca gloriosa<\/td><td>Lili\u00e1ceas<\/td><\/tr><tr><td>Kiwi<\/td><td>Kiwi<\/td><td>Actinidia chinensis<\/td><td>Actinid\u00e1ceas<\/td><\/tr><tr><td>Laranxeira<\/td><td>Naranjo dulce<\/td><td>Citrus sinenesis(aurantium)<\/td><td>Rut\u00e1ceas<\/td><\/tr><tr><td>Laranxo \u00e1cedo<\/td><td>Naranjo amargo, Naranjo agrio<\/td><td>Citrus aurantium(sinensis)<\/td><td>Rut\u00e1ceas<\/td><\/tr><tr><td>Leituga<\/td><td>Lechuga<\/td><td>Lactuca sativa<\/td><td>Compostas<\/td><\/tr><tr><td>Lentellas<\/td><td>Lentejas<\/td><td>Lens esculenta<\/td><td>Fab\u00e1ceas<\/td><\/tr><tr><td>Lima<\/td><td>Limero<\/td><td>Citrus limetta<\/td><td>Rut\u00e1ceas<\/td><\/tr><tr><td>Limeiro<\/td><td>Lima, Lim\u00f3n dulce<\/td><td>Citrus aurantifolia<\/td><td>Auranci\u00e1ceas<\/td><\/tr><tr><td>Limoeiro<\/td><td>Limonero<\/td><td>Citrus limonum<\/td><td>Rut\u00e1ceas<\/td><\/tr><tr><td>Loureiro,Gamallo<\/td><td>Laurel<\/td><td>Laurus nobilis<\/td><td>Laur\u00e1ceas<\/td><\/tr><tr><td>Maceira<\/td><td>Manzano<\/td><td>Malus domestica<\/td><td>Ros\u00e1ceas<\/td><\/tr><tr><td>Maceira brava<\/td><td>Manzano silvestre, Maguillo<\/td><td>Malus sylvestris<\/td><td>Ros\u00e1ceas<\/td><\/tr><tr><td>Maceira do Himalaia<\/td><td>Manzano del Himalaya<\/td><td><\/td><td>Ros\u00e1ceas<\/td><\/tr><tr><td>Mandarino<\/td><td>Mandarino<\/td><td>Citrus deliciosa<\/td><td>Rut\u00e1ceas<\/td><\/tr><tr><td>Mandarino<\/td><td>Mandarino<\/td><td>Citrus deliciosa<\/td><td>Rut\u00e1ceas<\/td><\/tr><tr><td>Mandarino<\/td><td>Mandarino<\/td><td>Citrus reticulata<\/td><td>Rut\u00e1ceas<\/td><\/tr><tr><td>Mango<\/td><td>Mango<\/td><td>Magnifera indica<\/td><td>Anacardi\u00e1ceas<\/td><\/tr><tr><td>Meloeiro<\/td><td>Mel\u00f3n<\/td><td>Cucumis(cucurbita) melo<\/td><td>Cucurbit\u00e1ceas<\/td><\/tr><tr><td>Mel\u00f3n<\/td><td>Mel\u00f3n<\/td><td>Cucumis melo<\/td><td><\/td><\/tr><tr><td>Membrilleiro xapon\u00e9s<\/td><td>Membrillero japon\u00e9s<\/td><td>Chaenomeles speciosa<\/td><td>Ros\u00e1ceas<\/td><\/tr><tr><td>Membrilleiro, Marmeleiro<\/td><td>Membrillo<\/td><td>Cydonia ablonga(vulgaris)<\/td><td>Ros\u00e1ceas<\/td><\/tr><tr><td>Menta<\/td><td>Menta, Mantua, Hierbabuena de sabor a pimienta<\/td><td>Mentha piperita<\/td><td>Labiadas<\/td><\/tr><tr><td>Menta, Poenxo, Poexo, Menta poleo<\/td><td>P\u00f3leo<\/td><td>Mentha pulegium<\/td><td>Labiadas<\/td><\/tr><tr><td>Millo, Mainzo<\/td><td>Ma\u00edz, Ma\u00edz de Indias, Panico de Indias<\/td><td>Zea mais<\/td><td>Gramin\u00e1ceas<\/td><\/tr><tr><td>Moreira blanca<\/td><td>Morera, Morera blanca, Moral blanco<\/td><td>Morus alba<\/td><td>Mor\u00e1ceas<\/td><\/tr><tr><td>Moreira negra<\/td><td>Moral negro<\/td><td>Morus nigra<\/td><td>Mor\u00e1ceas<\/td><\/tr><tr><td>Nabo<\/td><td>Nabo, Napo, Colza, Rutabaga<\/td><td>Brassica napus<\/td><td>Crucifer\u00e1ceas<\/td><\/tr><tr><td>Nabo<\/td><td>Nabo<\/td><td>Brassica rapa<\/td><td>Crucifer\u00e1ceas<\/td><\/tr><tr><td>Nabo cai\u00f1o, Nouza, Saltasebes, Bouda\u00f1a<\/td><td>Nueza<\/td><td>Bryonia cretica<\/td><td>Cucurbit\u00e1ceas<\/td><\/tr><tr><td>Nespereira<\/td><td>Nispero de Jap\u00f3n<\/td><td>Eryobotria japonica<\/td><td>Ros\u00e1ceas<\/td><\/tr><tr><td>Nespereira<\/td><td>N\u00edspero<\/td><td>Mespulus germanica<\/td><td>Ros\u00e1ceas<\/td><\/tr><tr><td>Nogueira branca<\/td><td>Nogal blanco<\/td><td>Juglans regia<\/td><td>Xugland\u00e1ceas<\/td><\/tr><tr><td>Nogueira, Noceira, Concheiro, Caroleira<\/td><td>Nogal<\/td><td>Juglans regia<\/td><td>Xugland\u00e1ceas<\/td><\/tr><tr><td>Oliveira<\/td><td>Olivo, Aceituno<\/td><td>Olea europaea<\/td><td>Ole\u00e1ceas<\/td><\/tr><tr><td>Ourego<\/td><td>Or\u00e9gano<\/td><td>Origanum viresn<\/td><td>Labiadas<\/td><\/tr><tr><td>Ourego<\/td><td>Or\u00e9gano<\/td><td>Origanum vulgare<\/td><td><\/td><\/tr><tr><td>Papaia<\/td><td>Papaya, Papayero<\/td><td>Carica&nbsp;&nbsp;papaya<\/td><td>Caric\u00e1ceas<\/td><\/tr><tr><td>Patacas<\/td><td>Patatas<\/td><td>Solanum tuberosum<\/td><td>Solan\u00e1ceas<\/td><\/tr><tr><td>Pau de San Guirgori\u00f1o<\/td><td>Cerezo de racimo, cerezo aliso<\/td><td>Prunus padus<\/td><td>Ros\u00e1ceas<\/td><\/tr><tr><td>Peladillo<\/td><td>Peladillo<\/td><td><\/td><td><\/td><\/tr><tr><td>Pemento<\/td><td>Pimiento<\/td><td>Capsicum annuum<\/td><td>Solan\u00e1ceas<\/td><\/tr><tr><td>Pereira<\/td><td>Peral de las nieves<\/td><td>Pyris nivalis<\/td><td>Ros\u00e1ceas<\/td><\/tr><tr><td>Pereira<\/td><td>Peral de monte<\/td><td>Pyrus amygdaliformis<\/td><td>Ros\u00e1ceas<\/td><\/tr><tr><td>Pereira<\/td><td>Peral<\/td><td>Pyrus comunis<\/td><td>Ros\u00e1ceas<\/td><\/tr><tr><td>Pereira brava, Escambr\u00f3n<\/td><td>Piru\u00e9tano, Peral silvestre<\/td><td>Pyrus pyraster<\/td><td>Ros\u00e1ceas<\/td><\/tr><tr><td>Pereira brava, Escambr\u00f3n, Peri\u00f1o<\/td><td>Piru\u00e9tano, Peral silvestre<\/td><td>Pyrus cordata<\/td><td>Ros\u00e1ceas<\/td><\/tr><tr><td>Perexil, Prixel<\/td><td>Perejil<\/td><td>Petroselinum crispum(sativum)<\/td><td>Umbel\u00edferas<\/td><\/tr><tr><td>Pexegueiro<\/td><td>Melocotonero<\/td><td>Prunus persica<\/td><td>Ros\u00e1ceas<\/td><\/tr><tr><td>Pimenta<\/td><td>Pimienta<\/td><td>Piper betel<\/td><td>Solan\u00e1ceas<\/td><\/tr><tr><td>Pi\u00f1a, Anan\u00e1s<\/td><td>Pi\u00f1a<\/td><td>Ananas sativus<\/td><td>Bromeli\u00e1ceas<\/td><\/tr><tr><td>Pistacho<\/td><td>Pistacho<\/td><td>Pistachia vera<\/td><td>Anacardi\u00e1ceas<\/td><\/tr><tr><td>Pl\u00e1tano, Plataneiro, Bananeiro<\/td><td>Platano<\/td><td>Musa cavendishii<\/td><td>Mus\u00e1ceas<\/td><\/tr><tr><td>Pomelo<\/td><td>Pomelo, Toronjo<\/td><td>Citrus paradisi<\/td><td>Rut\u00e1ceas<\/td><\/tr><tr><td>Porro, Allo porro<\/td><td>Puerro<\/td><td>Allium porrum<\/td><td>Lil\u00e1ceas<\/td><\/tr><tr><td>Ravo, Saramago, Lavestro?<\/td><td>R\u00e1bano<\/td><td>Raphanus sativus<\/td><td>Cruc\u00edferas<\/td><\/tr><tr><td>Regalicia<\/td><td>Regaliz de monta\u00f1a<\/td><td>Trifolium alpinum<\/td><td>Leguminosas<\/td><\/tr><tr><td>Regaliz<\/td><td>Regaliz, Palo dulce, Regalicia<\/td><td>Glycyrrhyza glabra<\/td><td>Papilon\u00e1ceas<\/td><\/tr><tr><td>Remolacha<\/td><td>Remolacha azucarera<\/td><td>Beta vulgaris<\/td><td>Quenopodi\u00e1ceas<\/td><\/tr><tr><td>Remolacha<\/td><td>Remolacha, Betarraga, Betarava, Acelga blanca<\/td><td>Beta vulgaris<\/td><td>Amarant\u00e1ceas<\/td><\/tr><tr><td>Repolo<\/td><td>Repollo, Col<\/td><td>Brassica oleracea<\/td><td>Cruc\u00edferas<\/td><\/tr><tr><td>Romeu, Alecrim<\/td><td>Romero<\/td><td>Rosmarinus offinalis<\/td><td>Labiadas<\/td><\/tr><tr><td>Ruda<\/td><td>Ruda<\/td><td>Ruta montana<\/td><td>Rut\u00e1ceas<\/td><\/tr><tr><td>Ruda cabreira<\/td><td>Galega<\/td><td>Galega officinalis<\/td><td><\/td><\/tr><tr><td>Saltasebes, Nabo cai\u00f1o, Nabo deu<\/td><td>Nueza, Nabo del diablo, Nuez Negra, Parra zarzalera, Uva de Lagarto, Vi\u00f1a blanca<\/td><td>Bryonia dioica<\/td><td>Cucurbit\u00e1ceas<\/td><\/tr><tr><td>Sand\u00eda<\/td><td><\/td><td><\/td><td><\/td><\/tr><tr><td>Sand\u00eda<\/td><td>Sand\u00eda<\/td><td>Citrullus lanatus<\/td><td>Cucurbit\u00e1ceas<\/td><\/tr><tr><td>Silva macho, Agabanza, Silva do mar<\/td><td>Zarza<\/td><td>Rosa sp.<\/td><td>Ros\u00e1ceas<\/td><\/tr><tr><td>Silva, Silveira<\/td><td>Zarzamora, Zarza<\/td><td>Robus fruticosus<\/td><td>Ros\u00e1ceas<\/td><\/tr><tr><td>Sobreira, Corticeira<\/td><td>Alcornoque<\/td><td>Quercus suber<\/td><td>Fag\u00e1ceas<\/td><\/tr><tr><td>Soia<\/td><td>Soja<\/td><td>Glycine max<\/td><td>Leguminosa<\/td><\/tr><tr><td>Tabaco<\/td><td>Tabaco<\/td><td>Nicotiana tabacum<\/td><td>Solan\u00e1ceas<\/td><\/tr><tr><td>T\u00e9<\/td><td>T\u00e9<\/td><td><\/td><td><\/td><\/tr><tr><td>T\u00e9<\/td><td>T\u00e9<\/td><td>Magnolia sinensis<\/td><td><\/td><\/tr><tr><td>Te verde<\/td><td>Te verde<\/td><td>Thea sinensis<\/td><td><\/td><\/tr><tr><td>Tomate, Tomateira<\/td><td>Tomate, Tomatera<\/td><td>Lycopersicon esculentum<\/td><td>Solan\u00e1ceas<\/td><\/tr><tr><td>Tomentelo do pais, Tomelo<\/td><td>Tomillo<\/td><td>Thymus caespititius<\/td><td>Labiadas<\/td><\/tr><tr><td>Tomentelo do pais, Tomelo<\/td><td>Tomillo<\/td><td>Thymus pulegioides<\/td><td>Labiadas<\/td><\/tr><tr><td>Trigo<\/td><td>Trigo<\/td><td>Triticum&nbsp;&nbsp;aestivum<\/td><td>Gram\u00edneas<\/td><\/tr><tr><td>Trigo<\/td><td>Trigo<\/td><td>Triticum durum<\/td><td>Gram\u00edneas<\/td><\/tr><tr><td>Vi\u00f1a<\/td><td>Vid<\/td><td>Vitis vinifera<\/td><td>Vit\u00e1ceas<\/td><\/tr><tr><td>Vi\u00f1a trepadora<\/td><td>Vi\u00f1a trepadora, Vi\u00f1a virgen, Hiedra japonesa<\/td><td>Parthenocissus tricuspidata<\/td><td>Vit\u00e1ceas<\/td><\/tr><tr><td>Xirasol<\/td><td>Girasol<\/td><td>Helianthus&nbsp;annuus<\/td><td>Aster\u00e1ceas<\/td><\/tr><tr><td>Xud\u00eda (faba seca, xud\u00eda verde)<\/td><td>Jud\u00eda, Habichuela, Frijol<\/td><td>Phaseolus vulgaris<\/td><td>Fab\u00e1ceas<\/td><\/tr><tr><td>Zanoura<\/td><td>Zanahoria<\/td><td>Daucus carota<\/td><td>Umbel\u00edreras<\/td><\/tr><tr><td>Abru\u00f1eiro<\/td><td>Ciruelo<\/td><td>Prunus domestica<\/td><td>Ros\u00e1ceas<\/td><\/tr><tr><td>Agri\u00f3n, Mastrazo, Berro<\/td><td>Berro<\/td><td>Nasturtium officinale<\/td><td>Cruc\u00edferas<\/td><\/tr><tr><td>Aguacate<\/td><td>Aguacate<\/td><td>Persea americana<\/td><td>Laur\u00e1ceas<\/td><\/tr><tr><td>Alf\u00e1dega<\/td><td>Albahaca, Hierba de la bruja<\/td><td>Acimum basilicum<\/td><td>Labiadas<\/td><\/tr><tr><td>Arandeira, Herba dos arandos<\/td><td>Ar\u00e1ndano<\/td><td>Vaccinium myrtillus<\/td><td>Eric\u00e1ceas<\/td><\/tr><tr><td>Figueira, Figueira brava<\/td><td>Higuera, Cabrahigo, Higuera breval<\/td><td>Ficus carica<\/td><td>Mor\u00e1ceas<\/td><\/tr><tr><td>Abeleira, Abelaneira, Abelaira<\/td><td>Avellano<\/td><td>Corylus avellana<\/td><td>Coril\u00e1ceas<\/td><\/tr><\/tbody><\/table><\/figure>\n","protected":false},"excerpt":{"rendered":"<p>Frutais ou especies da horta Nome galego Nome castel\u00e1n Nome cient\u00edfico Familia Acelga Acelga Beta vulgaris(maritima) Solsol\u00e1ceas Aipo de cabalos Apio caballar Smyrnium olusatrum Umbel\u00edferas Albaricoqueiro Albaricoquero, Albarillo Prunus armeniaca Ros\u00e1ceas Albaricoques Albaricoques Armeniaca vulgaris Ros\u00e1ceas Alcachofa Alcachofa Cynara scolymus Aster\u00e1ceas Alcaparra Alcaparra Capparis spinosa Caparid\u00e1ceas Alefustre, Aligustre, Alfaneiro, Filseira, Fiaza Aliguste, Ligestro, Alhe\u00f1a Ligustrum <a class=\"read-more\" href=\"https:\/\/www.santacombanamemoria.eu\/sc\/index.php\/frutais\/\">LEER M\u00c1S<\/a><\/p>\n","protected":false},"author":1,"featured_media":0,"parent":0,"menu_order":0,"comment_status":"closed","ping_status":"closed","template":"","meta":{"_eb_attr":"","ngg_post_thumbnail":0,"footnotes":""},"class_list":["post-425","page","type-page","status-publish","hentry"],"yoast_head":"<!-- This site is optimized with the Yoast SEO plugin v27.3 - https:\/\/yoast.com\/product\/yoast-seo-wordpress\/ -->\n<title>Frutais - Santa Comba na Memoria<\/title>\n<meta name=\"robots\" content=\"index, follow, max-snippet:-1, max-image-preview:large, max-video-preview:-1\" \/>\n<link rel=\"canonical\" href=\"https:\/\/www.santacombanamemoria.eu\/sc\/index.php\/frutais\/\" \/>\n<meta property=\"og:locale\" content=\"es_ES\" \/>\n<meta property=\"og:type\" content=\"article\" \/>\n<meta property=\"og:title\" content=\"Frutais - Santa Comba na Memoria\" \/>\n<meta property=\"og:description\" content=\"Frutais ou especies da horta Nome galego Nome castel\u00e1n Nome cient\u00edfico Familia Acelga Acelga Beta vulgaris(maritima) Solsol\u00e1ceas Aipo de cabalos Apio caballar Smyrnium olusatrum Umbel\u00edferas Albaricoqueiro Albaricoquero, Albarillo Prunus armeniaca Ros\u00e1ceas Albaricoques Albaricoques Armeniaca vulgaris Ros\u00e1ceas Alcachofa Alcachofa Cynara scolymus Aster\u00e1ceas Alcaparra Alcaparra Capparis spinosa Caparid\u00e1ceas Alefustre, Aligustre, Alfaneiro, Filseira, Fiaza Aliguste, Ligestro, Alhe\u00f1a Ligustrum LEER M\u00c1S\" \/>\n<meta property=\"og:url\" content=\"https:\/\/www.santacombanamemoria.eu\/sc\/index.php\/frutais\/\" \/>\n<meta property=\"og:site_name\" content=\"Santa Comba na Memoria\" \/>\n<meta property=\"article:modified_time\" content=\"2024-09-22T10:32:58+00:00\" \/>\n<meta property=\"og:image\" content=\"https:\/\/www.santacombanamemoria.eu\/sc\/wp-content\/uploads\/slider2\/Editorg_design_05-12-17--25.jpeg\" \/>\n\t<meta property=\"og:image:width\" content=\"1702\" \/>\n\t<meta property=\"og:image:height\" content=\"680\" \/>\n\t<meta property=\"og:image:type\" content=\"image\/jpeg\" \/>\n<meta name=\"twitter:card\" content=\"summary_large_image\" \/>\n<meta name=\"twitter:label1\" content=\"Tiempo de lectura\" \/>\n\t<meta name=\"twitter:data1\" content=\"5 minutos\" \/>\n<script type=\"application\/ld+json\" class=\"yoast-schema-graph\">{\"@context\":\"https:\\\/\\\/schema.org\",\"@graph\":[{\"@type\":\"WebPage\",\"@id\":\"https:\\\/\\\/www.santacombanamemoria.eu\\\/sc\\\/index.php\\\/frutais\\\/\",\"url\":\"https:\\\/\\\/www.santacombanamemoria.eu\\\/sc\\\/index.php\\\/frutais\\\/\",\"name\":\"Frutais - Santa Comba na Memoria\",\"isPartOf\":{\"@id\":\"https:\\\/\\\/www.santacombanamemoria.eu\\\/sc\\\/#website\"},\"datePublished\":\"2024-09-22T10:32:57+00:00\",\"dateModified\":\"2024-09-22T10:32:58+00:00\",\"breadcrumb\":{\"@id\":\"https:\\\/\\\/www.santacombanamemoria.eu\\\/sc\\\/index.php\\\/frutais\\\/#breadcrumb\"},\"inLanguage\":\"es\",\"potentialAction\":[{\"@type\":\"ReadAction\",\"target\":[\"https:\\\/\\\/www.santacombanamemoria.eu\\\/sc\\\/index.php\\\/frutais\\\/\"]}]},{\"@type\":\"BreadcrumbList\",\"@id\":\"https:\\\/\\\/www.santacombanamemoria.eu\\\/sc\\\/index.php\\\/frutais\\\/#breadcrumb\",\"itemListElement\":[{\"@type\":\"ListItem\",\"position\":1,\"name\":\"Portada\",\"item\":\"https:\\\/\\\/www.santacombanamemoria.eu\\\/sc\\\/\"},{\"@type\":\"ListItem\",\"position\":2,\"name\":\"Frutais\"}]},{\"@type\":\"WebSite\",\"@id\":\"https:\\\/\\\/www.santacombanamemoria.eu\\\/sc\\\/#website\",\"url\":\"https:\\\/\\\/www.santacombanamemoria.eu\\\/sc\\\/\",\"name\":\"Santa Comba na Memoria\",\"description\":\"Unha fiestra ao pasado dende o ano 1900\",\"publisher\":{\"@id\":\"https:\\\/\\\/www.santacombanamemoria.eu\\\/sc\\\/#organization\"},\"alternateName\":\"Historia fotogr\u00e1fica do concello de Santa Comba\",\"potentialAction\":[{\"@type\":\"SearchAction\",\"target\":{\"@type\":\"EntryPoint\",\"urlTemplate\":\"https:\\\/\\\/www.santacombanamemoria.eu\\\/sc\\\/?s={search_term_string}\"},\"query-input\":{\"@type\":\"PropertyValueSpecification\",\"valueRequired\":true,\"valueName\":\"search_term_string\"}}],\"inLanguage\":\"es\"},{\"@type\":\"Organization\",\"@id\":\"https:\\\/\\\/www.santacombanamemoria.eu\\\/sc\\\/#organization\",\"name\":\"Santa Comba na Memoria\",\"alternateName\":\"Santa Comba na Memoria\",\"url\":\"https:\\\/\\\/www.santacombanamemoria.eu\\\/sc\\\/\",\"logo\":{\"@type\":\"ImageObject\",\"inLanguage\":\"es\",\"@id\":\"https:\\\/\\\/www.santacombanamemoria.eu\\\/sc\\\/#\\\/schema\\\/logo\\\/image\\\/\",\"url\":\"https:\\\/\\\/www.santacombanamemoria.eu\\\/sc\\\/wp-content\\\/uploads\\\/slider2\\\/Editorg_design_05-12-17--25.jpeg\",\"contentUrl\":\"https:\\\/\\\/www.santacombanamemoria.eu\\\/sc\\\/wp-content\\\/uploads\\\/slider2\\\/Editorg_design_05-12-17--25.jpeg\",\"width\":1702,\"height\":680,\"caption\":\"Santa Comba na Memoria\"},\"image\":{\"@id\":\"https:\\\/\\\/www.santacombanamemoria.eu\\\/sc\\\/#\\\/schema\\\/logo\\\/image\\\/\"}}]}<\/script>\n<!-- \/ Yoast SEO plugin. -->","yoast_head_json":{"title":"Frutais - Santa Comba na Memoria","robots":{"index":"index","follow":"follow","max-snippet":"max-snippet:-1","max-image-preview":"max-image-preview:large","max-video-preview":"max-video-preview:-1"},"canonical":"https:\/\/www.santacombanamemoria.eu\/sc\/index.php\/frutais\/","og_locale":"es_ES","og_type":"article","og_title":"Frutais - Santa Comba na Memoria","og_description":"Frutais ou especies da horta Nome galego Nome castel\u00e1n Nome cient\u00edfico Familia Acelga Acelga Beta vulgaris(maritima) Solsol\u00e1ceas Aipo de cabalos Apio caballar Smyrnium olusatrum Umbel\u00edferas Albaricoqueiro Albaricoquero, Albarillo Prunus armeniaca Ros\u00e1ceas Albaricoques Albaricoques Armeniaca vulgaris Ros\u00e1ceas Alcachofa Alcachofa Cynara scolymus Aster\u00e1ceas Alcaparra Alcaparra Capparis spinosa Caparid\u00e1ceas Alefustre, Aligustre, Alfaneiro, Filseira, Fiaza Aliguste, Ligestro, Alhe\u00f1a Ligustrum LEER M\u00c1S","og_url":"https:\/\/www.santacombanamemoria.eu\/sc\/index.php\/frutais\/","og_site_name":"Santa Comba na Memoria","article_modified_time":"2024-09-22T10:32:58+00:00","og_image":[{"width":1702,"height":680,"url":"https:\/\/www.santacombanamemoria.eu\/sc\/wp-content\/uploads\/slider2\/Editorg_design_05-12-17--25.jpeg","type":"image\/jpeg"}],"twitter_card":"summary_large_image","twitter_misc":{"Tiempo de lectura":"5 minutos"},"schema":{"@context":"https:\/\/schema.org","@graph":[{"@type":"WebPage","@id":"https:\/\/www.santacombanamemoria.eu\/sc\/index.php\/frutais\/","url":"https:\/\/www.santacombanamemoria.eu\/sc\/index.php\/frutais\/","name":"Frutais - Santa Comba na Memoria","isPartOf":{"@id":"https:\/\/www.santacombanamemoria.eu\/sc\/#website"},"datePublished":"2024-09-22T10:32:57+00:00","dateModified":"2024-09-22T10:32:58+00:00","breadcrumb":{"@id":"https:\/\/www.santacombanamemoria.eu\/sc\/index.php\/frutais\/#breadcrumb"},"inLanguage":"es","potentialAction":[{"@type":"ReadAction","target":["https:\/\/www.santacombanamemoria.eu\/sc\/index.php\/frutais\/"]}]},{"@type":"BreadcrumbList","@id":"https:\/\/www.santacombanamemoria.eu\/sc\/index.php\/frutais\/#breadcrumb","itemListElement":[{"@type":"ListItem","position":1,"name":"Portada","item":"https:\/\/www.santacombanamemoria.eu\/sc\/"},{"@type":"ListItem","position":2,"name":"Frutais"}]},{"@type":"WebSite","@id":"https:\/\/www.santacombanamemoria.eu\/sc\/#website","url":"https:\/\/www.santacombanamemoria.eu\/sc\/","name":"Santa Comba na Memoria","description":"Unha fiestra ao pasado dende o ano 1900","publisher":{"@id":"https:\/\/www.santacombanamemoria.eu\/sc\/#organization"},"alternateName":"Historia fotogr\u00e1fica do concello de Santa Comba","potentialAction":[{"@type":"SearchAction","target":{"@type":"EntryPoint","urlTemplate":"https:\/\/www.santacombanamemoria.eu\/sc\/?s={search_term_string}"},"query-input":{"@type":"PropertyValueSpecification","valueRequired":true,"valueName":"search_term_string"}}],"inLanguage":"es"},{"@type":"Organization","@id":"https:\/\/www.santacombanamemoria.eu\/sc\/#organization","name":"Santa Comba na Memoria","alternateName":"Santa Comba na Memoria","url":"https:\/\/www.santacombanamemoria.eu\/sc\/","logo":{"@type":"ImageObject","inLanguage":"es","@id":"https:\/\/www.santacombanamemoria.eu\/sc\/#\/schema\/logo\/image\/","url":"https:\/\/www.santacombanamemoria.eu\/sc\/wp-content\/uploads\/slider2\/Editorg_design_05-12-17--25.jpeg","contentUrl":"https:\/\/www.santacombanamemoria.eu\/sc\/wp-content\/uploads\/slider2\/Editorg_design_05-12-17--25.jpeg","width":1702,"height":680,"caption":"Santa Comba na Memoria"},"image":{"@id":"https:\/\/www.santacombanamemoria.eu\/sc\/#\/schema\/logo\/image\/"}}]}},"jetpack_sharing_enabled":true,"_links":{"self":[{"href":"https:\/\/www.santacombanamemoria.eu\/sc\/index.php\/wp-json\/wp\/v2\/pages\/425","targetHints":{"allow":["GET"]}}],"collection":[{"href":"https:\/\/www.santacombanamemoria.eu\/sc\/index.php\/wp-json\/wp\/v2\/pages"}],"about":[{"href":"https:\/\/www.santacombanamemoria.eu\/sc\/index.php\/wp-json\/wp\/v2\/types\/page"}],"author":[{"embeddable":true,"href":"https:\/\/www.santacombanamemoria.eu\/sc\/index.php\/wp-json\/wp\/v2\/users\/1"}],"replies":[{"embeddable":true,"href":"https:\/\/www.santacombanamemoria.eu\/sc\/index.php\/wp-json\/wp\/v2\/comments?post=425"}],"version-history":[{"count":1,"href":"https:\/\/www.santacombanamemoria.eu\/sc\/index.php\/wp-json\/wp\/v2\/pages\/425\/revisions"}],"predecessor-version":[{"id":427,"href":"https:\/\/www.santacombanamemoria.eu\/sc\/index.php\/wp-json\/wp\/v2\/pages\/425\/revisions\/427"}],"wp:attachment":[{"href":"https:\/\/www.santacombanamemoria.eu\/sc\/index.php\/wp-json\/wp\/v2\/media?parent=425"}],"curies":[{"name":"wp","href":"https:\/\/api.w.org\/{rel}","templated":true}]}}